{"id":583,"date":"2024-08-27T15:12:23","date_gmt":"2024-08-27T13:12:23","guid":{"rendered":"https:\/\/www.bokedenn.fr\/?page_id=583"},"modified":"2025-01-29T20:28:04","modified_gmt":"2025-01-29T19:28:04","slug":"accueil","status":"publish","type":"page","link":"https:\/\/www.bokedenn.fr\/","title":{"rendered":"Accueil"},"content":{"rendered":"\n<div class=\"wp-block-cover alignfull\" style=\"padding-top:2%;min-height:60rem;aspect-ratio:unset;\"><span aria-hidden=\"true\" class=\"wp-block-cover__background has-background-dim-0 has-background-dim\" style=\"background-color:#705f5a\"><\/span><img fetchpriority=\"high\" decoding=\"async\" width=\"2560\" height=\"1707\" class=\"wp-block-cover__image-background wp-image-492\" alt=\"\" src=\"https:\/\/www.bokedenn.fr\/wp-content\/uploads\/2024\/08\/IMG_7404-scaled.jpg\" data-object-fit=\"cover\" srcset=\"https:\/\/www.bokedenn.fr\/wp-content\/uploads\/2024\/08\/IMG_7404-scaled.jpg 2560w, https:\/\/www.bokedenn.fr\/wp-content\/uploads\/2024\/08\/IMG_7404-300x200.jpg 300w, https:\/\/www.bokedenn.fr\/wp-content\/uploads\/2024\/08\/IMG_7404-1024x683.jpg 1024w, https:\/\/www.bokedenn.fr\/wp-content\/uploads\/2024\/08\/IMG_7404-768x512.jpg 768w, https:\/\/www.bokedenn.fr\/wp-content\/uploads\/2024\/08\/IMG_7404-1536x1024.jpg 1536w, https:\/\/www.bokedenn.fr\/wp-content\/uploads\/2024\/08\/IMG_7404-2048x1365.jpg 2048w\" sizes=\"(max-width: 2560px) 100vw, 2560px\" \/><div class=\"wp-block-cover__inner-container has-global-padding is-layout-constrained wp-container-core-cover-is-layout-ee51f2d2 wp-block-cover-is-layout-constrained\">\n<div class=\"wp-block-group alignwide is-vertical is-content-justification-center is-layout-flex wp-container-core-group-is-layout-b6c1f246 wp-block-group-is-layout-flex\" style=\"min-height:35rem\">\n<div class=\"wp-block-group has-global-padding is-layout-constrained wp-container-core-group-is-layout-1c662c3c wp-block-group-is-layout-constrained\">\n<h3 class=\"wp-block-heading has-text-align-center has-text-color has-young-serif-regular-font-family\" style=\"color:#ffffff;margin-bottom:1rem;font-size:clamp(2.156rem, 2.156rem + ((1vw - 0.2rem) * 3.171), 3.9rem);font-style:normal;font-weight:400;line-height:1;text-transform:none\">Fleurs bio et locales<\/h3>\n\n\n\n<p class=\"has-text-align-center has-text-color has-link-color has-inter-font-family wp-elements-1de628538d132975d3943c1c4b51fcc4\" style=\"color:#ffffff;font-size:clamp(0.875rem, 0.875rem + ((1vw - 0.2rem) * 0.591), 1.2rem);\">Produites \u00e0 Bourbriac.<\/p>\n\n\n\n<div class=\"wp-block-group has-global-padding is-content-justification-center is-layout-constrained wp-container-core-group-is-layout-9b3804fc wp-block-group-is-layout-constrained\" style=\"margin-top:30px\">\n<div class=\"wp-block-buttons is-horizontal is-content-justification-right is-layout-flex wp-container-core-buttons-is-layout-e5324bbf wp-block-buttons-is-layout-flex\" style=\"margin-top:0.21rem\">\n<div class=\"wp-block-button has-custom-width wp-block-button__width-100 has-custom-font-size is-style-fill has-inter-font-family\" style=\"font-size:clamp(0.875rem, 0.875rem + ((1vw - 0.2rem) * 0.227), 1rem);font-style:normal;font-weight:500;line-height:1;text-transform:capitalize\"><a class=\"wp-block-button__link has-text-color has-background wp-element-button\" href=\"https:\/\/www.bokedenn.fr\/?page_id=587\" style=\"border-style:none;border-width:0px;border-radius:2.5rem;color:#242925;background-color:#ffffff;padding-top:1.1rem;padding-right:0.81rem;padding-bottom:1.1rem;padding-left:0.81rem\">acheter nos fleurs!<\/a><\/div>\n<\/div>\n<\/div>\n<\/div>\n<\/div>\n<\/div><\/div>\n\n\n\n<div class=\"wp-block-buttons is-layout-flex wp-block-buttons-is-layout-flex\"><\/div>\n\n\n\n<section class=\"wp-block-group alignfull has-text-color has-background has-global-padding is-layout-constrained wp-container-core-group-is-layout-83ee5e76 wp-block-group-is-layout-constrained\" style=\"color:#212121;background-color:#f5f5f5;margin-top:0rem;padding-right:1rem;padding-left:1rem;font-size:clamp(2.111rem, 2.111rem + ((1vw - 0.2rem) * 3.071), 3.8rem);font-style:normal;font-weight:400;line-height:1.5\">\n<div class=\"wp-block-group has-global-padding is-layout-constrained wp-container-core-group-is-layout-0f2e7412 wp-block-group-is-layout-constrained\" style=\"padding-top:5.01rem;padding-bottom:4.01rem\">\n<div class=\"wp-block-columns is-not-stacked-on-mobile is-layout-flex wp-container-core-columns-is-layout-713970fd wp-block-columns-is-layout-flex\">\n<div class=\"wp-block-column has-global-padding is-layout-constrained wp-container-core-column-is-layout-003216c0 wp-block-column-is-layout-constrained\" style=\"border-right-style:none;border-right-width:0px;padding-right:1rem;padding-left:1rem\">\n<h3 class=\"wp-block-heading has-text-align-center has-text-color has-hedvig-letters-serif-regular-font-family\" style=\"color:#242925;margin-top:0;margin-right:50px;margin-bottom:0rem;margin-left:0px;padding-top:0;padding-right:0;padding-bottom:0;padding-left:0;font-size:clamp(0.929rem, 0.929rem + ((1vw - 0.2rem) * 0.856), 1.4rem);line-height:1.3;text-transform:none\">Bokedenn-o\u00f9 (f): du breton fleur de jardin<\/h3>\n<\/div>\n<\/div>\n<\/div>\n<\/section>\n\n\n\n<div class=\"wp-block-group alignfull has-global-padding is-layout-constrained wp-container-core-group-is-layout-6c6e7e04 wp-block-group-is-layout-constrained\" style=\"margin-top:0;margin-bottom:0;padding-top:5.51rem;padding-right:2rem;padding-bottom:3rem;padding-left:2rem\">\n<div class=\"wp-block-group alignwide has-global-padding is-layout-constrained wp-block-group-is-layout-constrained\" style=\"margin-top:1.01rem\">\n<div class=\"wp-block-columns alignwide is-layout-flex wp-container-core-columns-is-layout-c8164556 wp-block-columns-is-layout-flex\">\n<div class=\"wp-block-column has-global-padding is-content-justification-center is-layout-constrained wp-container-core-column-is-layout-412b4476 wp-block-column-is-layout-constrained\" style=\"padding-bottom:2rem\">\n<div class=\"wp-block-group alignfull has-global-padding is-layout-constrained wp-container-core-group-is-layout-d47d106a wp-block-group-is-layout-constrained\">\n<figure class=\"wp-block-image aligncenter size-full is-resized has-custom-border\"><img decoding=\"async\" width=\"1152\" height=\"1152\" src=\"https:\/\/www.bokedenn.fr\/wp-content\/uploads\/2024\/08\/IMG_7327-edited-1.jpg\" alt=\"\" class=\"wp-image-681\" style=\"border-radius:16px;width:400px\" srcset=\"https:\/\/www.bokedenn.fr\/wp-content\/uploads\/2024\/08\/IMG_7327-edited-1.jpg 1152w, https:\/\/www.bokedenn.fr\/wp-content\/uploads\/2024\/08\/IMG_7327-edited-1-300x300.jpg 300w, https:\/\/www.bokedenn.fr\/wp-content\/uploads\/2024\/08\/IMG_7327-edited-1-1024x1024.jpg 1024w, https:\/\/www.bokedenn.fr\/wp-content\/uploads\/2024\/08\/IMG_7327-edited-1-150x150.jpg 150w, https:\/\/www.bokedenn.fr\/wp-content\/uploads\/2024\/08\/IMG_7327-edited-1-768x768.jpg 768w\" sizes=\"(max-width: 1152px) 100vw, 1152px\" \/><\/figure>\n\n\n\n<h6 class=\"wp-block-heading has-text-align-left has-text-color has-inter-font-family\" style=\"color:#242925;font-size:clamp(0.875rem, 0.875rem + ((1vw - 0.2rem) * 0.664), 1.24rem);line-height:1.4;text-decoration:none;text-transform:none\">fleurs cueillies dans les C\u00f4tes d&rsquo;Armor<\/h6>\n<\/div>\n<\/div>\n\n\n\n<div class=\"wp-block-column has-global-padding is-layout-constrained wp-container-core-column-is-layout-a3af4fe5 wp-block-column-is-layout-constrained\" style=\"padding-bottom:2rem\">\n<div class=\"wp-block-group alignfull has-global-padding is-layout-constrained wp-container-core-group-is-layout-d47d106a wp-block-group-is-layout-constrained\">\n<figure class=\"wp-block-image aligncenter size-full is-resized has-custom-border\"><img decoding=\"async\" width=\"823\" height=\"823\" src=\"https:\/\/www.bokedenn.fr\/wp-content\/uploads\/2024\/08\/IMG_7446-edited-1.jpg\" alt=\"\" class=\"wp-image-683\" style=\"border-radius:16px;width:400px\" srcset=\"https:\/\/www.bokedenn.fr\/wp-content\/uploads\/2024\/08\/IMG_7446-edited-1.jpg 823w, https:\/\/www.bokedenn.fr\/wp-content\/uploads\/2024\/08\/IMG_7446-edited-1-300x300.jpg 300w, https:\/\/www.bokedenn.fr\/wp-content\/uploads\/2024\/08\/IMG_7446-edited-1-150x150.jpg 150w, https:\/\/www.bokedenn.fr\/wp-content\/uploads\/2024\/08\/IMG_7446-edited-1-768x768.jpg 768w\" sizes=\"(max-width: 823px) 100vw, 823px\" \/><\/figure>\n\n\n\n<h6 class=\"wp-block-heading has-text-align-left has-text-color has-inter-font-family\" style=\"color:#242925;font-size:clamp(0.875rem, 0.875rem + ((1vw - 0.2rem) * 0.664), 1.24rem);line-height:1.4;text-decoration:none;text-transform:lowercase\">Bouquets de saison<\/h6>\n<\/div>\n<\/div>\n\n\n\n<div class=\"wp-block-column has-global-padding is-content-justification-center is-layout-constrained wp-container-core-column-is-layout-412b4476 wp-block-column-is-layout-constrained\" style=\"padding-bottom:2rem\">\n<div class=\"wp-block-group alignfull has-global-padding is-layout-constrained wp-container-core-group-is-layout-d47d106a wp-block-group-is-layout-constrained\" style=\"text-transform:lowercase\">\n<figure class=\"wp-block-image aligncenter size-full is-resized has-custom-border\"><img loading=\"lazy\" decoding=\"async\" width=\"1152\" height=\"1152\" src=\"https:\/\/www.bokedenn.fr\/wp-content\/uploads\/2024\/08\/IMG_7307-edited-1.jpg\" alt=\"\" class=\"wp-image-679\" style=\"border-radius:16px;width:400px\" srcset=\"https:\/\/www.bokedenn.fr\/wp-content\/uploads\/2024\/08\/IMG_7307-edited-1.jpg 1152w, https:\/\/www.bokedenn.fr\/wp-content\/uploads\/2024\/08\/IMG_7307-edited-1-300x300.jpg 300w, https:\/\/www.bokedenn.fr\/wp-content\/uploads\/2024\/08\/IMG_7307-edited-1-1024x1024.jpg 1024w, https:\/\/www.bokedenn.fr\/wp-content\/uploads\/2024\/08\/IMG_7307-edited-1-150x150.jpg 150w, https:\/\/www.bokedenn.fr\/wp-content\/uploads\/2024\/08\/IMG_7307-edited-1-768x768.jpg 768w\" sizes=\"(max-width: 1152px) 100vw, 1152px\" \/><\/figure>\n\n\n\n<h6 class=\"wp-block-heading has-text-align-left has-text-color has-inter-font-family\" style=\"color:#242925;font-size:clamp(0.875rem, 0.875rem + ((1vw - 0.2rem) * 0.664), 1.24rem);line-height:1.4;text-decoration:none;text-transform:lowercase\">Professionnel.les &amp; particulier.e.s<\/h6>\n<\/div>\n<\/div>\n<\/div>\n<\/div>\n<\/div>\n\n\n\n<div class=\"wp-block-cover alignfull is-light\"><span aria-hidden=\"true\" class=\"wp-block-cover__background has-background-dim-100 has-background-dim\" style=\"background-color:#f3f3f3\"><\/span><div class=\"wp-block-cover__inner-container has-global-padding is-layout-constrained wp-container-core-cover-is-layout-4383d167 wp-block-cover-is-layout-constrained\">\n<div class=\"wp-block-group alignfull has-global-padding is-layout-constrained wp-container-core-group-is-layout-0117c4cf wp-block-group-is-layout-constrained\" style=\"padding-top:80px;padding-bottom:80px\">\n<div class=\"wp-block-columns alignwide is-layout-flex wp-container-core-columns-is-layout-28f84493 wp-block-columns-is-layout-flex\">\n<div class=\"wp-block-column is-layout-flow wp-block-column-is-layout-flow\" style=\"padding-right:10px;padding-left:10px;flex-basis:50%\">\n<div class=\"wp-block-group is-content-justification-center is-nowrap is-layout-flex wp-container-core-group-is-layout-23441af8 wp-block-group-is-layout-flex\">\n<div class=\"wp-block-group has-global-padding is-content-justification-left is-layout-constrained wp-container-core-group-is-layout-664c02a5 wp-block-group-is-layout-constrained\" style=\"padding-bottom:10px\">\n<h3 class=\"wp-block-heading has-text-color has-link-color has-hedvig-letters-serif-regular-font-family wp-elements-6bbfd5bd5da7436f4142d5a7a401fa36\" style=\"color:#242925\">Bokedenn&#8230;<\/h3>\n\n\n\n<p class=\"has-inter-font-family\">C&rsquo;est un projet r\u00e9cent, dont la graine sort enfin les premi\u00e8res fleurs, au printemps 2024.<\/p>\n\n\n\n<p class=\"has-inter-font-family\">Derri\u00e8re Bokedenn il y a Isabelle, qui, install\u00e9e \u00e0 Bourbriac (22) depuis quinze ans, a d\u00e9cid\u00e9 d&rsquo;y semer son id\u00e9e, celle de cr\u00e9er une ferme florale et de vendre sa production en circuit court. <\/p>\n\n\n\n<p class=\"has-inter-font-family\">Bokedenn vient de la passion des fleurs d&rsquo;ici, de la nostalgie des bouquets de nos grands m\u00e8res, des terres vallonn\u00e9es du kreiz breizh, et de l&rsquo;envie de partager ce beau m\u00e9lange !<\/p>\n\n\n\n<div class=\"wp-block-buttons is-horizontal is-content-justification-left is-layout-flex wp-container-core-buttons-is-layout-4160120e wp-block-buttons-is-layout-flex\" style=\"margin-top:30px\">\n<div class=\"wp-block-button has-custom-font-size is-style-outline has-work-sans-regular-font-family is-style-outline--1\" style=\"font-size:clamp(0.875rem, 0.875rem + ((1vw - 0.2rem) * 0.227), 1rem);font-style:normal;font-weight:700;line-height:1;text-transform:capitalize\"><a class=\"wp-block-button__link has-text-color has-border-color wp-element-button\" href=\"https:\/\/www.bokedenn.fr\/?page_id=585\" style=\"border-color:#242925;border-style:solid;border-width:1px;border-radius:2.5rem;color:#242925;padding-top:1.1rem;padding-right:40px;padding-bottom:1.1rem;padding-left:40px\">en savoir plus sur le projet<\/a><\/div>\n<\/div>\n<\/div>\n<\/div>\n<\/div>\n\n\n\n<div class=\"wp-block-column is-layout-flow wp-block-column-is-layout-flow\" style=\"padding-right:10px;padding-left:10px;flex-basis:50%\">\n<figure class=\"wp-block-image aligncenter size-full is-resized has-custom-border\"><img loading=\"lazy\" decoding=\"async\" width=\"1152\" height=\"1536\" src=\"https:\/\/www.bokedenn.fr\/wp-content\/uploads\/2024\/08\/IMG_7709-edited-1.jpg\" alt=\"\" class=\"wp-image-635\" style=\"border-radius:16px;width:358px;height:auto\" srcset=\"https:\/\/www.bokedenn.fr\/wp-content\/uploads\/2024\/08\/IMG_7709-edited-1.jpg 1152w, https:\/\/www.bokedenn.fr\/wp-content\/uploads\/2024\/08\/IMG_7709-edited-1-225x300.jpg 225w, https:\/\/www.bokedenn.fr\/wp-content\/uploads\/2024\/08\/IMG_7709-edited-1-768x1024.jpg 768w\" sizes=\"(max-width: 1152px) 100vw, 1152px\" \/><\/figure>\n<\/div>\n<\/div>\n<\/div>\n<\/div><\/div>\n\n\n\n<section class=\"wp-block-group alignfull has-text-color has-global-padding is-layout-constrained wp-container-core-group-is-layout-83ee5e76 wp-block-group-is-layout-constrained\" style=\"color:#212121;margin-top:0rem;padding-right:1rem;padding-left:1rem;font-size:clamp(0.875rem, 0.875rem + ((1vw - 0.2rem) * 0.464), 1.13rem);font-style:normal;font-weight:400;line-height:1.5\">\n<div class=\"wp-block-group has-global-padding is-layout-constrained wp-container-core-group-is-layout-c328c1cf wp-block-group-is-layout-constrained\" style=\"padding-top:5.01rem;padding-bottom:4.01rem\">\n<div class=\"wp-block-columns is-layout-flex wp-container-core-columns-is-layout-713970fd wp-block-columns-is-layout-flex\">\n<div class=\"wp-block-column has-global-padding is-layout-constrained wp-container-core-column-is-layout-9c8f69bf wp-block-column-is-layout-constrained\" style=\"border-right-style:none;border-right-width:0px;padding-right:1rem;padding-left:1rem\">\n<p class=\"has-text-align-center has-inter-font-family has-medium-font-size\" style=\"margin-top:0;margin-right:0;margin-bottom:0;margin-left:0;padding-top:0;padding-bottom:0;line-height:3.4\">Les engagements de Bokedenn :<\/p>\n\n\n\n<p class=\"has-text-align-center\">&#8211;<\/p>\n\n\n\n<figure class=\"wp-block-image aligncenter size-full is-resized\"><img loading=\"lazy\" decoding=\"async\" width=\"1833\" height=\"2550\" src=\"https:\/\/www.bokedenn.fr\/wp-content\/uploads\/2024\/08\/logo-bio.jpg\" alt=\"\" class=\"wp-image-523\" style=\"width:188px;height:auto\" srcset=\"https:\/\/www.bokedenn.fr\/wp-content\/uploads\/2024\/08\/logo-bio.jpg 1833w, https:\/\/www.bokedenn.fr\/wp-content\/uploads\/2024\/08\/logo-bio-216x300.jpg 216w, https:\/\/www.bokedenn.fr\/wp-content\/uploads\/2024\/08\/logo-bio-736x1024.jpg 736w, https:\/\/www.bokedenn.fr\/wp-content\/uploads\/2024\/08\/logo-bio-768x1068.jpg 768w, https:\/\/www.bokedenn.fr\/wp-content\/uploads\/2024\/08\/logo-bio-1104x1536.jpg 1104w, https:\/\/www.bokedenn.fr\/wp-content\/uploads\/2024\/08\/logo-bio-1472x2048.jpg 1472w\" sizes=\"(max-width: 1833px) 100vw, 1833px\" \/><\/figure>\n<\/div>\n\n\n\n<div class=\"wp-block-column has-global-padding is-layout-constrained wp-container-core-column-is-layout-9c8f69bf wp-block-column-is-layout-constrained\" style=\"border-right-style:none;border-right-width:0px;padding-right:1rem;padding-left:1rem\">\n<figure class=\"wp-block-image aligncenter size-full is-resized\"><img loading=\"lazy\" decoding=\"async\" width=\"202\" height=\"249\" src=\"https:\/\/www.bokedenn.fr\/wp-content\/uploads\/2024\/08\/fleur-francaise.png\" alt=\"\" class=\"wp-image-522\" style=\"width:208px;height:auto\"\/><figcaption class=\"wp-element-caption\">&#8211;<\/figcaption><\/figure>\n\n\n\n<div class=\"wp-block-buttons is-content-justification-center is-layout-flex wp-container-core-buttons-is-layout-1fb448e7 wp-block-buttons-is-layout-flex\">\n<div class=\"wp-block-button is-style-outline has-inter-font-family is-style-outline--2\" style=\"line-height:1.9\"><a class=\"wp-block-button__link has-text-color has-background has-link-color wp-element-button\" href=\"https:\/\/www.collectifdelafleurfrancaise.com\/\" style=\"border-style:none;border-width:0px;border-radius:39px;color:#f8f8f8;background-color:#4c8a74;padding-top:var(--wp--preset--spacing--20);padding-right:var(--wp--preset--spacing--50);padding-bottom:var(--wp--preset--spacing--20);padding-left:var(--wp--preset--spacing--50)\" target=\"_blank\" rel=\"noopener\">d\u00e9couvrir le collectif<\/a><\/div>\n<\/div>\n<\/div>\n\n\n\n<div class=\"wp-block-column has-global-padding is-layout-constrained wp-container-core-column-is-layout-9c8f69bf wp-block-column-is-layout-constrained\" style=\"border-right-style:none;border-right-width:0px;padding-right:1rem;padding-left:1rem\">\n<figure class=\"wp-block-image aligncenter size-full\"><img decoding=\"async\" src=\"https:\/\/tyler.com\/wp-content\/uploads\/2024\/03\/Icon.png\" alt=\"\" class=\"wp-image-23157\"\/><\/figure>\n\n\n\n<p class=\"has-text-align-center has-text-color has-hedvig-letters-serif-regular-font-family\" style=\"color:#242925;margin-top:20px;margin-bottom:0.6rem;font-size:clamp(0.875rem, 0.875rem + ((1vw - 0.2rem) * 0.409), 1.1rem);line-height:1.5\">Fleurs jaunes (de) nos ajoncs nains<br>Font un bouquet dor\u00e9<br>Un vrai bouquet breton&nbsp;!<br>Charg\u00e9 de bon parfum.<\/p>\n\n\n\n<p class=\"has-text-align-center has-text-color has-inter-font-family\" style=\"color:#3fae55e0;margin-top:20px;margin-bottom:0.6rem;font-size:clamp(0.875rem, 0.875rem + ((1vw - 0.2rem) * 0.227), 1rem);line-height:1.5\">Angela Duval, po\u00e9tesse bretonne et paysanne<\/p>\n<\/div>\n<\/div>\n<\/div>\n<\/section>\n\n\n\n<div class=\"wp-block-cover alignfull is-light\"><span aria-hidden=\"true\" class=\"wp-block-cover__background has-background-dim-100 has-background-dim\" style=\"background-color:#f3f3f3\"><\/span><div class=\"wp-block-cover__inner-container has-global-padding is-layout-constrained wp-container-core-cover-is-layout-4383d167 wp-block-cover-is-layout-constrained\">\n<div class=\"wp-block-group alignfull has-global-padding is-layout-constrained wp-container-core-group-is-layout-0117c4cf wp-block-group-is-layout-constrained\" style=\"padding-top:80px;padding-bottom:80px\">\n<div class=\"wp-block-columns alignwide is-layout-flex wp-container-core-columns-is-layout-28f84493 wp-block-columns-is-layout-flex\">\n<div class=\"wp-block-column is-layout-flow wp-block-column-is-layout-flow\" style=\"padding-right:10px;padding-left:10px;flex-basis:40%\">\n<figure class=\"wp-block-image aligncenter size-full is-resized has-custom-border\"><img loading=\"lazy\" decoding=\"async\" width=\"1152\" height=\"1536\" src=\"https:\/\/www.bokedenn.fr\/wp-content\/uploads\/2024\/08\/IMG_7460-edited-1.jpg\" alt=\"\" class=\"wp-image-642\" style=\"border-radius:16px;width:368px;height:auto\" srcset=\"https:\/\/www.bokedenn.fr\/wp-content\/uploads\/2024\/08\/IMG_7460-edited-1.jpg 1152w, https:\/\/www.bokedenn.fr\/wp-content\/uploads\/2024\/08\/IMG_7460-edited-1-225x300.jpg 225w, https:\/\/www.bokedenn.fr\/wp-content\/uploads\/2024\/08\/IMG_7460-edited-1-768x1024.jpg 768w\" sizes=\"(max-width: 1152px) 100vw, 1152px\" \/><\/figure>\n<\/div>\n\n\n\n<div class=\"wp-block-column is-vertically-aligned-center is-layout-flow wp-block-column-is-layout-flow\" style=\"padding-right:10px;padding-left:10px;flex-basis:60%\">\n<div class=\"wp-block-group is-content-justification-center is-nowrap is-layout-flex wp-container-core-group-is-layout-23441af8 wp-block-group-is-layout-flex\">\n<div class=\"wp-block-group has-global-padding is-content-justification-left is-layout-constrained wp-container-core-group-is-layout-fa1486d9 wp-block-group-is-layout-constrained\" style=\"padding-top:30px;padding-bottom:30px\">\n<h2 class=\"wp-block-heading has-text-color has-link-color has-hedvig-letters-serif-regular-font-family wp-elements-88a0c56900d718b3a350eea71be311dd\" style=\"color:#242925;font-size:clamp(1.502rem, 1.502rem + ((1vw - 0.2rem) * 1.815), 2.5rem);\">Les tout d\u00e9buts&#8230;<\/h2>\n\n\n\n<p class=\"has-inter-font-family\" style=\"margin-top:0px;margin-right:0px;margin-bottom:0px;margin-left:0px;padding-top:20px;padding-right:0px;padding-bottom:0px;padding-left:0px\">Bokedenn d\u00e9marre tout juste, toute votre curiosit\u00e9 et votre soutien au projet seront toujours les bienvenus.<\/p>\n\n\n\n<p class=\"has-inter-font-family\">Prochainement nous lancerons un financement participatif pour aider au lancement de la ferme et l&rsquo;aider \u00e0 se p\u00e9renniser, d&rsquo;ici l\u00e0, si vous voulez parler de Bokedenn, <strong>nous sommes sur les march\u00e9s, instagram, facebook, et au champ bien s\u00fbr !<\/strong><\/p>\n\n\n\n<p class=\"has-inter-font-family\">N&rsquo;h\u00e9sitez pas \u00e0 nous contacter, notre belle aventure fleurie ne fait que commencer !<\/p>\n\n\n\n<div class=\"wp-block-buttons is-horizontal is-content-justification-left is-layout-flex wp-container-core-buttons-is-layout-4160120e wp-block-buttons-is-layout-flex\" style=\"margin-top:30px\">\n<div class=\"wp-block-button has-custom-font-size is-style-outline has-work-sans-regular-font-family is-style-outline--3\" style=\"font-size:clamp(0.875rem, 0.875rem + ((1vw - 0.2rem) * 0.227), 1rem);font-style:normal;font-weight:700;line-height:1;text-transform:capitalize\"><a class=\"wp-block-button__link has-text-color has-border-color wp-element-button\" href=\"https:\/\/www.bokedenn.fr\/?page_id=589\" style=\"border-color:#242925;border-style:solid;border-width:1px;border-radius:2.5rem;color:#242925;padding-top:1.1rem;padding-right:40px;padding-bottom:1.1rem;padding-left:40px\">Contacter Bokedenn : )<\/a><\/div>\n<\/div>\n<\/div>\n<\/div>\n<\/div>\n<\/div>\n<\/div>\n<\/div><\/div>\n","protected":false},"excerpt":{"rendered":"<p>Bokedenn-o\u00f9 (f): du breton fleur de jardin fleurs cueillies dans les C\u00f4tes d&rsquo;Armor Bouquets de saison Professionnel.les &amp; particulier.e.s Les engagements de Bokedenn : &#8211; Fleurs jaunes (de) nos ajoncs nainsFont un bouquet dor\u00e9Un vrai bouquet breton&nbsp;!Charg\u00e9 de bon parfum. Angela Duval, po\u00e9tesse bretonne et paysanne<\/p>\n","protected":false},"author":1,"featured_media":0,"parent":0,"menu_order":0,"comment_status":"closed","ping_status":"closed","template":"","meta":{"footnotes":""},"class_list":["post-583","page","type-page","status-publish","hentry"],"_links":{"self":[{"href":"https:\/\/www.bokedenn.fr\/index.php?rest_route=\/wp\/v2\/pages\/583","targetHints":{"allow":["GET"]}}],"collection":[{"href":"https:\/\/www.bokedenn.fr\/index.php?rest_route=\/wp\/v2\/pages"}],"about":[{"href":"https:\/\/www.bokedenn.fr\/index.php?rest_route=\/wp\/v2\/types\/page"}],"author":[{"embeddable":true,"href":"https:\/\/www.bokedenn.fr\/index.php?rest_route=\/wp\/v2\/users\/1"}],"replies":[{"embeddable":true,"href":"https:\/\/www.bokedenn.fr\/index.php?rest_route=%2Fwp%2Fv2%2Fcomments&post=583"}],"version-history":[{"count":26,"href":"https:\/\/www.bokedenn.fr\/index.php?rest_route=\/wp\/v2\/pages\/583\/revisions"}],"predecessor-version":[{"id":732,"href":"https:\/\/www.bokedenn.fr\/index.php?rest_route=\/wp\/v2\/pages\/583\/revisions\/732"}],"wp:attachment":[{"href":"https:\/\/www.bokedenn.fr\/index.php?rest_route=%2Fwp%2Fv2%2Fmedia&parent=583"}],"curies":[{"name":"wp","href":"https:\/\/api.w.org\/{rel}","templated":true}]}}